{"id":2116,"date":"2012-10-25T11:36:16","date_gmt":"2012-10-25T11:36:16","guid":{"rendered":"https:\/\/www.dosimetria.com\/dosimetria\/dosimetria-ocupacional\/area\/"},"modified":"2016-06-27T11:39:17","modified_gmt":"2016-06-27T09:39:17","slug":"area","status":"publish","type":"page","link":"https:\/\/www.dosimetria.com\/ca\/dosimetria\/dosimetria-ocupacional\/area\/","title":{"rendered":"\u00c0rea"},"content":{"rendered":"<p>Els dos\u00edmetres d&#8217;\u00e0rea estan calibrats en dosi equivalent personal superficial H<sub>P<\/sub>(0.07) i profunda H<sub>P<\/sub>(10), tenen la mateixa configuraci\u00f3 que el dos\u00edmetre de cos sencer i segueixen el mateix proc\u00e9s que aquests.<\/p>\n<p>Normes b\u00e0siques d&#8217;\u00fas:<\/p>\n<ul>\n<li>S&#8217;han de col\u00b7locar cada mes en un punt definit pel responsable de PR de la instal\u00b7laci\u00f3, que sigui representatiu de la dosi del personal que es vulgui controlar amb aquest dos\u00edmetre.<\/li>\n<\/ul>\n<p>Per fer l&#8217;estimaci\u00f3 de dosis equivalents personals a partir de dos\u00edmetres d&#8217;\u00e0rea, es necessita un c\u00e0lcul addicional, que tingui en compte les mesures en els punts representatius de la zona on s\u00f3n els treballadors, el temps de perman\u00e8ncia a la zona i la c\u00e0rrega radiol\u00f2gica de treball.<\/p>\n<p>Aquest tipus de mesura \u00e9s \u00fatil quan les dosis estimades s\u00f3n nul\u00b7les o inferiors al nivell de registre de 0,10 mSv\/mes. Quan les dosis mesurades a l&#8217;\u00e0rea s\u00f3n significatives, en general \u00e9s m\u00e9s cost\u00f3s el c\u00e0lcul i els registres associats que l&#8217;\u00fas de dos\u00edmetres personals individuals.<\/p>\n","protected":false},"excerpt":{"rendered":"<p>Els dos\u00edmetres d&#8217;\u00e0rea estan calibrats en dosi equivalent personal superficial HP(0.07) i profunda HP(10), tenen la mateixa configuraci\u00f3 que el dos\u00edmetre de cos sencer i segueixen el mateix proc\u00e9s que aquests. Normes b\u00e0siques d&#8217;\u00fas: S&#8217;han de col\u00b7locar cada mes en un punt definit pel responsable de PR de la instal\u00b7laci\u00f3, que sigui representatiu de la [&hellip;]<\/p>\n","protected":false},"author":22,"featured_media":0,"parent":2049,"menu_order":1,"comment_status":"closed","ping_status":"closed","template":"page-imagensuperior.php","meta":{"_acf_changed":false,"footnotes":""},"class_list":["post-2116","page","type-page","status-publish","hentry"],"acf":[],"_links":{"self":[{"href":"https:\/\/www.dosimetria.com\/ca\/wp-json\/wp\/v2\/pages\/2116"}],"collection":[{"href":"https:\/\/www.dosimetria.com\/ca\/wp-json\/wp\/v2\/pages"}],"about":[{"href":"https:\/\/www.dosimetria.com\/ca\/wp-json\/wp\/v2\/types\/page"}],"author":[{"embeddable":true,"href":"https:\/\/www.dosimetria.com\/ca\/wp-json\/wp\/v2\/users\/22"}],"replies":[{"embeddable":true,"href":"https:\/\/www.dosimetria.com\/ca\/wp-json\/wp\/v2\/comments?post=2116"}],"version-history":[{"count":0,"href":"https:\/\/www.dosimetria.com\/ca\/wp-json\/wp\/v2\/pages\/2116\/revisions"}],"up":[{"embeddable":true,"href":"https:\/\/www.dosimetria.com\/ca\/wp-json\/wp\/v2\/pages\/2049"}],"wp:attachment":[{"href":"https:\/\/www.dosimetria.com\/ca\/wp-json\/wp\/v2\/media?parent=2116"}],"curies":[{"name":"wp","href":"https:\/\/api.w.org\/{rel}","templated":true}]}}