{"id":1275,"date":"2012-11-06T11:38:35","date_gmt":"2012-11-06T11:38:35","guid":{"rendered":"http:\/\/www.dosimetria.com\/servicios-sdp\/facturacion\/"},"modified":"2016-10-26T11:03:13","modified_gmt":"2016-10-26T09:03:13","slug":"facturacion","status":"publish","type":"page","link":"https:\/\/www.dosimetria.com\/pt-pt\/servicios-sdp\/facturacion\/","title":{"rendered":"Fatura\u00e7\u00e3o"},"content":{"rendered":"<p style=\"text-align: justify;\"><strong>Valores do servi\u00e7o<\/strong><\/p>\n<ul style=\"text-align: justify;\">\n<li>O valor do servi\u00e7o est\u00e1 estandardizado segundo os seguintes pre\u00e7os:\n<ul>\n<li>Pre\u00e7os para profissionais e pequenas empresas de 1 a 10 usu\u00e1rios\/controlos dosim\u00e9tricos para uma instala\u00e7\u00e3o e fatura \u00fanica.<\/li>\n<li>Pre\u00e7os para empresas com mais de 10 usu\u00e1rios\/controlos dosim\u00e9tricos nas que calcula-se o pre\u00e7o, al\u00e9m de pelo n\u00famero de usu\u00e1rios, pela distribui\u00e7\u00e3o dos mesmos.<\/li>\n<li><strong><\/strong>Pre\u00e7os especiais para servi\u00e7os n\u00e3o continuados ou temporais e outras casu\u00edsticas.<\/li>\n<li>Informa-se tamb\u00e9m dos pre\u00e7os de servi\u00e7o de estafeta que <strong>centro de dosimetr\u00eda<\/strong> pode contratar para o envio e\/ou recolha da dota\u00e7\u00e3o dos dos\u00edmetros na sua instala\u00e7\u00e3o.<\/li>\n<\/ul>\n<\/li>\n<li>Os pre\u00e7os comunicam-se anualmente aos clientes, por correio ou internet.<\/li>\n<\/ul>\n<p style=\"text-align: justify;\"><img loading=\"lazy\" decoding=\"async\" title=\"FACTURACION-tarifas_muntatge\" src=\"\/wp-content\/uploads\/2012\/11\/FACTURACION-tarifas_muntatge.jpg\" alt=\"\" width=\"280\" height=\"214\" \/><\/p>\n<p style=\"text-align: justify;\"><strong>Fatura\u00e7\u00e3o do servi\u00e7o<\/strong><\/p>\n<ul style=\"text-align: justify;\">\n<li style=\"text-align: justify;\">A forma do servi\u00e7o est\u00e1 adaptada a sua forma de presta\u00e7\u00e3o.<\/li>\n<li style=\"text-align: justify;\">Emite-se uma fatura anual que inclui a previs\u00e3o dos servi\u00e7os contratados para o ano em curso segundo listagem anexa, e o abono\/encargo (se houver) correspondente ao fechamento da factura\u00e7\u00e3o do ano anterior. O m\u00e9todo utilizado de previs\u00e3o-regulariza\u00e7\u00e3o baseia-se na fatura\u00e7\u00e3o dos servi\u00e7os realmente realizados, dado que se\u00a0trata de um servi\u00e7o continuado tal sistema cont\u00e9m as varia\u00e7\u00f5es que sucederam ao longo do ano, seja na dota\u00e7\u00e3o de controlos dosim\u00e9tricos, extravios log\u00edstica, etc.<\/li>\n<li style=\"text-align: justify;\">Esta forma de fatura\u00e7\u00e3o permite que o proceso repercuta o m\u00ednimo poss\u00edvel no custo final.<\/li>\n<li style=\"text-align: justify;\">A forma de fatura\u00e7\u00e3o e condi\u00e7\u00f5es de pagamento detalham-se no pre\u00e7\u00e1rio.<\/li>\n<li style=\"text-align: justify;\">Possibilidade de acordar condi\u00e7\u00f5es especiais de fatura\u00e7\u00e3o e\/ou pago com o departamento de administra\u00e7\u00e3o.<\/li>\n<\/ul>\n<p style=\"text-align: justify;\"><img loading=\"lazy\" decoding=\"async\" title=\"FACTURACION-fact-alb_muntatge\" src=\"\/wp-content\/uploads\/2012\/11\/FACTURACION-fact-alb_muntatge.jpg\" alt=\"\" width=\"371\" height=\"214\" \/><\/p>\n","protected":false},"excerpt":{"rendered":"<p>Valores do servi\u00e7o O valor do servi\u00e7o est\u00e1 estandardizado segundo os seguintes pre\u00e7os: Pre\u00e7os para profissionais e pequenas empresas de 1 a 10 usu\u00e1rios\/controlos dosim\u00e9tricos para uma instala\u00e7\u00e3o e fatura \u00fanica. Pre\u00e7os para empresas com mais de 10 usu\u00e1rios\/controlos dosim\u00e9tricos nas que calcula-se o pre\u00e7o, al\u00e9m de pelo n\u00famero de usu\u00e1rios, pela distribui\u00e7\u00e3o dos mesmos. [&hellip;]<\/p>\n","protected":false},"author":22,"featured_media":0,"parent":1055,"menu_order":4,"comment_status":"closed","ping_status":"open","template":"","meta":{"_acf_changed":false,"footnotes":""},"class_list":["post-1275","page","type-page","status-publish","hentry"],"acf":[],"_links":{"self":[{"href":"https:\/\/www.dosimetria.com\/pt-pt\/wp-json\/wp\/v2\/pages\/1275"}],"collection":[{"href":"https:\/\/www.dosimetria.com\/pt-pt\/wp-json\/wp\/v2\/pages"}],"about":[{"href":"https:\/\/www.dosimetria.com\/pt-pt\/wp-json\/wp\/v2\/types\/page"}],"author":[{"embeddable":true,"href":"https:\/\/www.dosimetria.com\/pt-pt\/wp-json\/wp\/v2\/users\/22"}],"replies":[{"embeddable":true,"href":"https:\/\/www.dosimetria.com\/pt-pt\/wp-json\/wp\/v2\/comments?post=1275"}],"version-history":[{"count":0,"href":"https:\/\/www.dosimetria.com\/pt-pt\/wp-json\/wp\/v2\/pages\/1275\/revisions"}],"up":[{"embeddable":true,"href":"https:\/\/www.dosimetria.com\/pt-pt\/wp-json\/wp\/v2\/pages\/1055"}],"wp:attachment":[{"href":"https:\/\/www.dosimetria.com\/pt-pt\/wp-json\/wp\/v2\/media?parent=1275"}],"curies":[{"name":"wp","href":"https:\/\/api.w.org\/{rel}","templated":true}]}}